{"id":637,"date":"2024-08-14T14:20:05","date_gmt":"2024-08-14T19:20:05","guid":{"rendered":"https:\/\/dev.smk.agency\/corales\/?page_id=637"},"modified":"2024-10-21T14:58:57","modified_gmt":"2024-10-21T19:58:57","slug":"quienes-somos","status":"publish","type":"page","link":"https:\/\/dev.smk.agency\/corales\/quienes-somos\/","title":{"rendered":"\u00bfQui\u00e9nes somos?"},"content":{"rendered":"\t\t<div data-elementor-type=\"wp-page\" data-elementor-id=\"637\" class=\"elementor elementor-637\" data-elementor-post-type=\"page\">\n\t\t\t\t<div class=\"elementor-element elementor-element-1bfea32 e-con-full e-flex e-con e-parent\" data-id=\"1bfea32\" data-element_type=\"container\">\n\t\t\t\t<div class=\"elementor-element elementor-element-d7f7bc0 elementor-widget elementor-widget-image\" data-id=\"d7f7bc0\" data-element_type=\"widget\" data-widget_type=\"image.default\">\n\t\t\t\t<div class=\"elementor-widget-container\">\n\t\t\t\t\t\t\t\t\t\t\t\t\t<img decoding=\"async\" src=\"https:\/\/dev.smk.agency\/corales\/wp-content\/uploads\/elementor\/thumbs\/coraltheca-quienes-somos-qvw1pljibff3kiq30t5gulhwa5e8ddq4gq670bc9is.jpg\" title=\"coraltheca-quienes-somos\" alt=\"\" loading=\"lazy\" \/>\t\t\t\t\t\t\t\t\t\t\t\t\t<\/div>\n\t\t\t\t<\/div>\n\t\t\t\t<\/div>\n\t\t<div class=\"elementor-element elementor-element-24e4e45 e-flex e-con-boxed e-con e-parent\" data-id=\"24e4e45\" data-element_type=\"container\" data-settings=\"{&quot;background_background&quot;:&quot;classic&quot;}\">\n\t\t\t\t\t<div class=\"e-con-inner\">\n\t\t<div class=\"elementor-element elementor-element-dccf739 e-con-full e-flex e-con e-child\" data-id=\"dccf739\" data-element_type=\"container\" data-settings=\"{&quot;background_background&quot;:&quot;classic&quot;}\">\n\t\t\t\t<div class=\"elementor-element elementor-element-b926c2a elementor-widget elementor-widget-heading\" data-id=\"b926c2a\" data-element_type=\"widget\" data-widget_type=\"heading.default\">\n\t\t\t\t<div class=\"elementor-widget-container\">\n\t\t\t<h1 class=\"elementor-heading-title elementor-size-default\">\u00bfQui\u00e9nes somos?<\/h1>\t\t<\/div>\n\t\t\t\t<\/div>\n\t\t\t\t<\/div>\n\t\t\t\t\t<\/div>\n\t\t\t\t<\/div>\n\t\t<div class=\"elementor-element elementor-element-7add0c9 e-flex e-con-boxed e-con e-parent\" data-id=\"7add0c9\" data-element_type=\"container\">\n\t\t\t\t\t<div class=\"e-con-inner\">\n\t\t<div class=\"elementor-element elementor-element-9b4dbb2 e-con-full e-flex e-con e-child\" data-id=\"9b4dbb2\" data-element_type=\"container\">\n\t\t\t\t<div class=\"elementor-element elementor-element-efd356c coral-textos elementor-widget elementor-widget-text-editor\" data-id=\"efd356c\" data-element_type=\"widget\" data-widget_type=\"text-editor.default\">\n\t\t\t\t<div class=\"elementor-widget-container\">\n\t\t\t\t\t\t\t<p>Somos un grupo de empresas, organizaciones, cient\u00edficos y amantes del oc\u00e9ano comprometidos con la protecci\u00f3n de los arrecifes de coral. Durante m\u00e1s de tres d\u00e9cadas, hemos trabajado en la conservaci\u00f3n de los oc\u00e9anos y, en los \u00faltimos a\u00f1os, nos hemos enfocado en la preservaci\u00f3n de los arrecifes, que enfrentan una grave amenaza de extinci\u00f3n.<\/p><p>Creamos CoralTheca, un innovador programa de restauraci\u00f3n que incluye cr\u00eda de larvas de corales, un centro de rescate y un banco gen\u00e9tico. Nuestra misi\u00f3n es salvar corales resistentes y fomentar la reproducci\u00f3n de nuevas colonias para restaurar los arrecifes.<\/p><p>Desde hace m\u00e1s de cinco a\u00f1os, nos dedicamos a la restauraci\u00f3n de corales mediante reproducci\u00f3n sexual con un programa de cr\u00eda de larvas de cinco especies cr\u00edticamente amenazadas, buscando asegurar su diversidad gen\u00e9tica y fortalecer la resiliencia de los arrecifes frente al cambio clim\u00e1tico y otras amenazas.<\/p><p>Estamos en proceso de planificaci\u00f3n y obtenci\u00f3n de fondos para nuestro primer centro de rescate de corales y otros organismos arrecifales en Islas Grande, dentro del Parque Nacional Natural Corales del Rosario y San Bernardo. CoralTheca ser\u00e1 crucial para la preservaci\u00f3n de estos ecosistemas marinos al rescatar corales en buen estado de \u00e1reas afectadas por blanqueamiento, enfermedades y destrucci\u00f3n del h\u00e1bitat. Esto nos permitir\u00e1 preservar la biodiversidad y los servicios ecosist\u00e9micos esenciales que ofrecen los arrecifes.<\/p>\t\t\t\t\t\t<\/div>\n\t\t\t\t<\/div>\n\t\t\t\t<\/div>\n\t\t<div class=\"elementor-element elementor-element-6db0b51 e-con-full e-flex e-con e-child\" data-id=\"6db0b51\" data-element_type=\"container\">\n\t\t\t\t<div class=\"elementor-element elementor-element-8f2fa43 elementor-widget elementor-widget-image\" data-id=\"8f2fa43\" data-element_type=\"widget\" data-widget_type=\"image.default\">\n\t\t\t\t<div class=\"elementor-widget-container\">\n\t\t\t\t\t\t\t\t\t\t\t\t\t<img fetchpriority=\"high\" decoding=\"async\" width=\"768\" height=\"1024\" src=\"https:\/\/dev.smk.agency\/corales\/wp-content\/uploads\/2024\/09\/00015-768x1024.png\" class=\"attachment-large size-large wp-image-1497\" alt=\"\" srcset=\"https:\/\/dev.smk.agency\/corales\/wp-content\/uploads\/2024\/09\/00015-768x1024.png 768w, https:\/\/dev.smk.agency\/corales\/wp-content\/uploads\/2024\/09\/00015-225x300.png 225w, https:\/\/dev.smk.agency\/corales\/wp-content\/uploads\/2024\/09\/00015.png 900w\" sizes=\"(max-width: 768px) 100vw, 768px\" \/>\t\t\t\t\t\t\t\t\t\t\t\t\t<\/div>\n\t\t\t\t<\/div>\n\t\t\t\t<\/div>\n\t\t<div class=\"elementor-element elementor-element-057d7be e-con-full e-flex e-con e-child\" data-id=\"057d7be\" data-element_type=\"container\">\n\t\t\t\t<div class=\"elementor-element elementor-element-425a06d elementor-widget elementor-widget-image\" data-id=\"425a06d\" data-element_type=\"widget\" data-widget_type=\"image.default\">\n\t\t\t\t<div class=\"elementor-widget-container\">\n\t\t\t\t\t\t\t\t\t\t\t\t\t<img decoding=\"async\" width=\"800\" height=\"600\" src=\"https:\/\/dev.smk.agency\/corales\/wp-content\/uploads\/2024\/09\/00019-1024x768.png\" class=\"attachment-large size-large wp-image-1505\" alt=\"\" srcset=\"https:\/\/dev.smk.agency\/corales\/wp-content\/uploads\/2024\/09\/00019-1024x768.png 1024w, https:\/\/dev.smk.agency\/corales\/wp-content\/uploads\/2024\/09\/00019-300x225.png 300w, https:\/\/dev.smk.agency\/corales\/wp-content\/uploads\/2024\/09\/00019-768x576.png 768w, https:\/\/dev.smk.agency\/corales\/wp-content\/uploads\/2024\/09\/00019.png 1280w\" sizes=\"(max-width: 800px) 100vw, 800px\" \/>\t\t\t\t\t\t\t\t\t\t\t\t\t<\/div>\n\t\t\t\t<\/div>\n\t\t\t\t<\/div>\n\t\t<div class=\"elementor-element elementor-element-ffd00f2 e-con-full e-flex e-con e-child\" data-id=\"ffd00f2\" data-element_type=\"container\">\n\t\t\t\t<div class=\"elementor-element elementor-element-abe4ae8 coral-textos elementor-widget elementor-widget-text-editor\" data-id=\"abe4ae8\" data-element_type=\"widget\" data-widget_type=\"text-editor.default\">\n\t\t\t\t<div class=\"elementor-widget-container\">\n\t\t\t\t\t\t\t<p>Nuestro programa de comunicaci\u00f3n y educaci\u00f3n incluir\u00e1 la capacitaci\u00f3n de la comunidad, buzos y operadores tur\u00edsticos sobre la importancia de los arrecifes y c\u00f3mo reducir el impacto humano. Tambi\u00e9n planeamos producir un documental para educar y sensibilizar sobre la importancia y amenazas a los arrecifes, destacando la necesidad urgente de su conservaci\u00f3n.<\/p><p>CoralTheca aspira a convertirse en una herramienta educativa para la comunidad y la academia y, a mediano plazo, en un centro de entrenamiento para Colombia y el Caribe.<\/p><p>Nuestra dedicaci\u00f3n a la protecci\u00f3n de los arrecifes de coral surge de un profundo amor y respeto por los oc\u00e9anos. Durante m\u00e1s de tres d\u00e9cadas, hemos presenciado de primera mano la devastaci\u00f3n causada por el cambio clim\u00e1tico, la contaminaci\u00f3n y la actividad humana en estos delicados ecosistemas. Los arrecifes de coral no solo son hermosos, sino que tambi\u00e9n son fundamentales para la biodiversidad marina y la salud de los oc\u00e9anos. Al borde de la extinci\u00f3n, los corales necesitan nuestra ayuda urgente. Nuestro compromiso con su preservaci\u00f3n no es solo un deber, sino una pasi\u00f3n compartida por cient\u00edficos, organizaciones y amantes del oc\u00e9ano.<\/p>\t\t\t\t\t\t<\/div>\n\t\t\t\t<\/div>\n\t\t\t\t<\/div>\n\t\t<div class=\"elementor-element elementor-element-5b17190 e-con-full e-flex e-con e-child\" data-id=\"5b17190\" data-element_type=\"container\">\n\t\t\t\t<div class=\"elementor-element elementor-element-83ba773 elementor-widget elementor-widget-image-carousel\" data-id=\"83ba773\" data-element_type=\"widget\" data-settings=\"{&quot;slides_to_show&quot;:&quot;3&quot;,&quot;navigation&quot;:&quot;none&quot;,&quot;autoplay&quot;:&quot;yes&quot;,&quot;pause_on_hover&quot;:&quot;yes&quot;,&quot;pause_on_interaction&quot;:&quot;yes&quot;,&quot;autoplay_speed&quot;:5000,&quot;infinite&quot;:&quot;yes&quot;,&quot;speed&quot;:500,&quot;image_spacing_custom&quot;:{&quot;unit&quot;:&quot;px&quot;,&quot;size&quot;:20,&quot;sizes&quot;:[]},&quot;image_spacing_custom_tablet&quot;:{&quot;unit&quot;:&quot;px&quot;,&quot;size&quot;:&quot;&quot;,&quot;sizes&quot;:[]},&quot;image_spacing_custom_mobile&quot;:{&quot;unit&quot;:&quot;px&quot;,&quot;size&quot;:&quot;&quot;,&quot;sizes&quot;:[]}}\" data-widget_type=\"image-carousel.default\">\n\t\t\t\t<div class=\"elementor-widget-container\">\n\t\t\t\t\t<div class=\"elementor-image-carousel-wrapper swiper\" dir=\"ltr\">\n\t\t\t<div class=\"elementor-image-carousel swiper-wrapper\" aria-live=\"off\">\n\t\t\t\t\t\t\t\t<div class=\"swiper-slide\" role=\"group\" aria-roledescription=\"slide\" aria-label=\"1 de 3\"><a data-elementor-open-lightbox=\"yes\" data-elementor-lightbox-slideshow=\"83ba773\" data-elementor-lightbox-title=\"00016\" data-e-action-hash=\"#elementor-action%3Aaction%3Dlightbox%26settings%3DeyJpZCI6MTQ5OCwidXJsIjoiaHR0cHM6XC9cL2Rldi5zbWsuYWdlbmN5XC9jb3JhbGVzXC93cC1jb250ZW50XC91cGxvYWRzXC8yMDI0XC8wOVwvMDAwMTYucG5nIiwic2xpZGVzaG93IjoiODNiYTc3MyJ9\" href=\"https:\/\/dev.smk.agency\/corales\/wp-content\/uploads\/2024\/09\/00016.png\"><figure class=\"swiper-slide-inner\"><img decoding=\"async\" class=\"swiper-slide-image\" src=\"https:\/\/dev.smk.agency\/corales\/wp-content\/uploads\/elementor\/thumbs\/00016-qtyeatelryjcncgsopigi0gbxifh0p6j1a5axqxtpo.png\" alt=\"\" \/><\/figure><\/a><\/div><div class=\"swiper-slide\" role=\"group\" aria-roledescription=\"slide\" aria-label=\"2 de 3\"><a data-elementor-open-lightbox=\"yes\" data-elementor-lightbox-slideshow=\"83ba773\" data-elementor-lightbox-title=\"00017\" data-e-action-hash=\"#elementor-action%3Aaction%3Dlightbox%26settings%3DeyJpZCI6MTUwOSwidXJsIjoiaHR0cHM6XC9cL2Rldi5zbWsuYWdlbmN5XC9jb3JhbGVzXC93cC1jb250ZW50XC91cGxvYWRzXC8yMDI0XC8wOVwvMDAwMTcucG5nIiwic2xpZGVzaG93IjoiODNiYTc3MyJ9\" href=\"https:\/\/dev.smk.agency\/corales\/wp-content\/uploads\/2024\/09\/00017.png\"><figure class=\"swiper-slide-inner\"><img decoding=\"async\" class=\"swiper-slide-image\" src=\"https:\/\/dev.smk.agency\/corales\/wp-content\/uploads\/elementor\/thumbs\/00017-qtyecyhdcdgv3dcu6mtv6h04n3vkjvoinvn4afrjjg.png\" alt=\"\" \/><\/figure><\/a><\/div><div class=\"swiper-slide\" role=\"group\" aria-roledescription=\"slide\" aria-label=\"3 de 3\"><a data-elementor-open-lightbox=\"yes\" data-elementor-lightbox-slideshow=\"83ba773\" data-elementor-lightbox-title=\"00018\" data-e-action-hash=\"#elementor-action%3Aaction%3Dlightbox%26settings%3DeyJpZCI6MTUxMCwidXJsIjoiaHR0cHM6XC9cL2Rldi5zbWsuYWdlbmN5XC9jb3JhbGVzXC93cC1jb250ZW50XC91cGxvYWRzXC8yMDI0XC8wOVwvMDAwMTgucG5nIiwic2xpZGVzaG93IjoiODNiYTc3MyJ9\" href=\"https:\/\/dev.smk.agency\/corales\/wp-content\/uploads\/2024\/09\/00018.png\"><figure class=\"swiper-slide-inner\"><img decoding=\"async\" class=\"swiper-slide-image\" src=\"https:\/\/dev.smk.agency\/corales\/wp-content\/uploads\/elementor\/thumbs\/00018-qtyed0d1q1jfqla3vnn4bgj1tvmaz9vzc4y38zor70.png\" alt=\"\" \/><\/figure><\/a><\/div>\t\t\t<\/div>\n\t\t\t\t\t\t\t\n\t\t\t\t\t\t\t\t\t<\/div>\n\t\t\t\t<\/div>\n\t\t\t\t<\/div>\n\t\t\t\t<\/div>\n\t\t\t\t\t<\/div>\n\t\t\t\t<\/div>\n\t\t<div class=\"elementor-element elementor-element-3bcd531 e-flex e-con-boxed e-con e-parent\" data-id=\"3bcd531\" data-element_type=\"container\" data-settings=\"{&quot;background_background&quot;:&quot;classic&quot;,&quot;shape_divider_top&quot;:&quot;wave-brush&quot;}\">\n\t\t\t\t\t<div class=\"e-con-inner\">\n\t\t\t\t<div class=\"elementor-shape elementor-shape-top\" data-negative=\"false\">\n\t\t\t<svg xmlns=\"http:\/\/www.w3.org\/2000\/svg\" viewBox=\"0 0 283.5 27.8\" preserveAspectRatio=\"none\">\n\t<path class=\"elementor-shape-fill\" d=\"M283.5,9.7c0,0-7.3,4.3-14,4.6c-6.8,0.3-12.6,0-20.9-1.5c-11.3-2-33.1-10.1-44.7-5.7\ts-12.1,4.6-18,7.4c-6.6,3.2-20,9.6-36.6,9.3C131.6,23.5,99.5,7.2,86.3,8c-1.4,0.1-6.6,0.8-10.5,2c-3.8,1.2-9.4,3.8-17,4.7\tc-3.2,0.4-8.3,1.1-14.2,0.9c-1.5-0.1-6.3-0.4-12-1.6c-5.7-1.2-11-3.1-15.8-3.7C6.5,9.2,0,10.8,0,10.8V0h283.5V9.7z M260.8,11.3\tc-0.7-1-2-0.4-4.3-0.4c-2.3,0-6.1-1.2-5.8-1.1c0.3,0.1,3.1,1.5,6,1.9C259.7,12.2,261.4,12.3,260.8,11.3z M242.4,8.6\tc0,0-2.4-0.2-5.6-0.9c-3.2-0.8-10.3-2.8-15.1-3.5c-8.2-1.1-15.8,0-15.1,0.1c0.8,0.1,9.6-0.6,17.6,1.1c3.3,0.7,9.3,2.2,12.4,2.7\tC239.9,8.7,242.4,8.6,242.4,8.6z M185.2,8.5c1.7-0.7-13.3,4.7-18.5,6.1c-2.1,0.6-6.2,1.6-10,2c-3.9,0.4-8.9,0.4-8.8,0.5\tc0,0.2,5.8,0.8,11.2,0c5.4-0.8,5.2-1.1,7.6-1.6C170.5,14.7,183.5,9.2,185.2,8.5z M199.1,6.9c0.2,0-0.8-0.4-4.8,1.1\tc-4,1.5-6.7,3.5-6.9,3.7c-0.2,0.1,3.5-1.8,6.6-3C197,7.5,199,6.9,199.1,6.9z M283,6c-0.1,0.1-1.9,1.1-4.8,2.5s-6.9,2.8-6.7,2.7\tc0.2,0,3.5-0.6,7.4-2.5C282.8,6.8,283.1,5.9,283,6z M31.3,11.6c0.1-0.2-1.9-0.2-4.5-1.2s-5.4-1.6-7.8-2C15,7.6,7.3,8.5,7.7,8.6\tC8,8.7,15.9,8.3,20.2,9.3c2.2,0.5,2.4,0.5,5.7,1.6S31.2,11.9,31.3,11.6z M73,9.2c0.4-0.1,3.5-1.6,8.4-2.6c4.9-1.1,8.9-0.5,8.9-0.8\tc0-0.3-1-0.9-6.2-0.3S72.6,9.3,73,9.2z M71.6,6.7C71.8,6.8,75,5.4,77.3,5c2.3-0.3,1.9-0.5,1.9-0.6c0-0.1-1.1-0.2-2.7,0.2\tC74.8,5.1,71.4,6.6,71.6,6.7z M93.6,4.4c0.1,0.2,3.5,0.8,5.6,1.8c2.1,1,1.8,0.6,1.9,0.5c0.1-0.1-0.8-0.8-2.4-1.3\tC97.1,4.8,93.5,4.2,93.6,4.4z M65.4,11.1c-0.1,0.3,0.3,0.5,1.9-0.2s2.6-1.3,2.2-1.2s-0.9,0.4-2.5,0.8C65.3,10.9,65.5,10.8,65.4,11.1\tz M34.5,12.4c-0.2,0,2.1,0.8,3.3,0.9c1.2,0.1,2,0.1,2-0.2c0-0.3-0.1-0.5-1.6-0.4C36.6,12.8,34.7,12.4,34.5,12.4z M152.2,21.1\tc-0.1,0.1-2.4-0.3-7.5-0.3c-5,0-13.6-2.4-17.2-3.5c-3.6-1.1,10,3.9,16.5,4.1C150.5,21.6,152.3,21,152.2,21.1z\"\/>\n\t<path class=\"elementor-shape-fill\" d=\"M269.6,18c-0.1-0.1-4.6,0.3-7.2,0c-7.3-0.7-17-3.2-16.6-2.9c0.4,0.3,13.7,3.1,17,3.3\tC267.7,18.8,269.7,18,269.6,18z\"\/>\n\t<path class=\"elementor-shape-fill\" d=\"M227.4,9.8c-0.2-0.1-4.5-1-9.5-1.2c-5-0.2-12.7,0.6-12.3,0.5c0.3-0.1,5.9-1.8,13.3-1.2\tS227.6,9.9,227.4,9.8z\"\/>\n\t<path class=\"elementor-shape-fill\" d=\"M204.5,13.4c-0.1-0.1,2-1,3.2-1.1c1.2-0.1,2,0,2,0.3c0,0.3-0.1,0.5-1.6,0.4\tC206.4,12.9,204.6,13.5,204.5,13.4z\"\/>\n\t<path class=\"elementor-shape-fill\" d=\"M201,10.6c0-0.1-4.4,1.2-6.3,2.2c-1.9,0.9-6.2,3.1-6.1,3.1c0.1,0.1,4.2-1.6,6.3-2.6\tS201,10.7,201,10.6z\"\/>\n\t<path class=\"elementor-shape-fill\" d=\"M154.5,26.7c-0.1-0.1-4.6,0.3-7.2,0c-7.3-0.7-17-3.2-16.6-2.9c0.4,0.3,13.7,3.1,17,3.3\tC152.6,27.5,154.6,26.8,154.5,26.7z\"\/>\n\t<path class=\"elementor-shape-fill\" d=\"M41.9,19.3c0,0,1.2-0.3,2.9-0.1c1.7,0.2,5.8,0.9,8.2,0.7c4.2-0.4,7.4-2.7,7-2.6\tc-0.4,0-4.3,2.2-8.6,1.9c-1.8-0.1-5.1-0.5-6.7-0.4S41.9,19.3,41.9,19.3z\"\/>\n\t<path class=\"elementor-shape-fill\" d=\"M75.5,12.6c0.2,0.1,2-0.8,4.3-1.1c2.3-0.2,2.1-0.3,2.1-0.5c0-0.1-1.8-0.4-3.4,0\tC76.9,11.5,75.3,12.5,75.5,12.6z\"\/>\n\t<path class=\"elementor-shape-fill\" d=\"M15.6,13.2c0-0.1,4.3,0,6.7,0.5c2.4,0.5,5,1.9,5,2c0,0.1-2.7-0.8-5.1-1.4\tC19.9,13.7,15.7,13.3,15.6,13.2z\"\/>\n<\/svg>\t\t<\/div>\n\t\t<div class=\"elementor-element elementor-element-c8fe62f e-con-full e-flex e-con e-child\" data-id=\"c8fe62f\" data-element_type=\"container\">\n\t\t<div class=\"elementor-element elementor-element-a44695e e-con-full e-flex e-con e-child\" data-id=\"a44695e\" data-element_type=\"container\">\n\t\t\t\t<div class=\"elementor-element elementor-element-6d7b225 elementor-position-top elementor-widget elementor-widget-image-box\" data-id=\"6d7b225\" data-element_type=\"widget\" data-widget_type=\"image-box.default\">\n\t\t\t\t<div class=\"elementor-widget-container\">\n\t\t\t<div class=\"elementor-image-box-wrapper\"><figure class=\"elementor-image-box-img\"><img decoding=\"async\" width=\"600\" height=\"600\" src=\"https:\/\/dev.smk.agency\/corales\/wp-content\/uploads\/2024\/09\/IMG_4840.png\" class=\"attachment-full size-full wp-image-1554\" alt=\"\" srcset=\"https:\/\/dev.smk.agency\/corales\/wp-content\/uploads\/2024\/09\/IMG_4840.png 600w, https:\/\/dev.smk.agency\/corales\/wp-content\/uploads\/2024\/09\/IMG_4840-300x300.png 300w, https:\/\/dev.smk.agency\/corales\/wp-content\/uploads\/2024\/09\/IMG_4840-150x150.png 150w\" sizes=\"(max-width: 600px) 100vw, 600px\" \/><\/figure><div class=\"elementor-image-box-content\"><h3 class=\"elementor-image-box-title\">Elvira Maria Alvarado Ch. (PhD)<\/h3><p class=\"elementor-image-box-description\">Bi\u00f3loga Marina, profesional en Relaciones Internacionales y Diplomacia de la Universidad Jorge Tadeo Lozano y Doctorado en Ciencias-Biolog\u00eda de la Universidad del Valle. Ha trabajado por cuatro d\u00e9cadas en investigaci\u00f3n de arrecifes coralinos. Se interesa por la biolog\u00eda, ecolog\u00eda de poblaciones de corales y de comunidades de arrecifes. Por m\u00e1s de 20 a\u00f1os ha participado en proyectos de reproducci\u00f3n  sexual (fertilizaci\u00f3n y cr\u00eda de larvas) y asexual (fragmentaci\u00f3n \/ microfragmentaci\u00f3n) en el Caribe colombiano.<\/p><\/div><\/div>\t\t<\/div>\n\t\t\t\t<\/div>\n\t\t\t\t<\/div>\n\t\t<div class=\"elementor-element elementor-element-5ac6fb9 e-con-full e-flex e-con e-child\" data-id=\"5ac6fb9\" data-element_type=\"container\">\n\t\t\t\t<div class=\"elementor-element elementor-element-4731ac1 elementor-position-top elementor-widget elementor-widget-image-box\" data-id=\"4731ac1\" data-element_type=\"widget\" data-widget_type=\"image-box.default\">\n\t\t\t\t<div class=\"elementor-widget-container\">\n\t\t\t<div class=\"elementor-image-box-wrapper\"><figure class=\"elementor-image-box-img\"><img loading=\"lazy\" decoding=\"async\" width=\"600\" height=\"600\" src=\"https:\/\/dev.smk.agency\/corales\/wp-content\/uploads\/2024\/10\/Johanna-Prussman.jpg\" class=\"attachment-full size-full wp-image-1823\" alt=\"\" srcset=\"https:\/\/dev.smk.agency\/corales\/wp-content\/uploads\/2024\/10\/Johanna-Prussman.jpg 600w, https:\/\/dev.smk.agency\/corales\/wp-content\/uploads\/2024\/10\/Johanna-Prussman-300x300.jpg 300w, https:\/\/dev.smk.agency\/corales\/wp-content\/uploads\/2024\/10\/Johanna-Prussman-150x150.jpg 150w\" sizes=\"(max-width: 600px) 100vw, 600px\" \/><\/figure><div class=\"elementor-image-box-content\"><h3 class=\"elementor-image-box-title\">Johanna Prussman Uribe<\/h3><p class=\"elementor-image-box-description\">Bi\u00f3loga con Maestr\u00eda en Ciencias de la Tierra de la Universidad EAFIT, con m\u00e1s de 15 a\u00f1os de experiencia en Sistemas de Informaci\u00f3n Geogr\u00e1fica. Especialista en an\u00e1lisis geoespaciales y dise\u00f1o de herramientas interactivas para la toma de decisiones ambientales. Desde 2013, colabora voluntariamente en la restauraci\u00f3n de arrecifes coralinos con CoralTheca. Su enfoque en biodiversidad y servicios ecosist\u00e9micos impulsa su compromiso con la conservaci\u00f3n marina, desarrollando estrategias innovadoras para la recuperaci\u00f3n de ecosistemas a trav\u00e9s de la colaboraci\u00f3n cient\u00edfica y comunitaria.<\/p><\/div><\/div>\t\t<\/div>\n\t\t\t\t<\/div>\n\t\t\t\t<\/div>\n\t\t<div class=\"elementor-element elementor-element-379aa80 e-con-full e-flex e-con e-child\" data-id=\"379aa80\" data-element_type=\"container\">\n\t\t\t\t<div class=\"elementor-element elementor-element-194ccd1 elementor-position-top elementor-widget elementor-widget-image-box\" data-id=\"194ccd1\" data-element_type=\"widget\" data-widget_type=\"image-box.default\">\n\t\t\t\t<div class=\"elementor-widget-container\">\n\t\t\t<div class=\"elementor-image-box-wrapper\"><figure class=\"elementor-image-box-img\"><img loading=\"lazy\" decoding=\"async\" width=\"600\" height=\"600\" src=\"https:\/\/dev.smk.agency\/corales\/wp-content\/uploads\/2024\/09\/IMG_4829.png\" class=\"attachment-full size-full wp-image-1556\" alt=\"\" srcset=\"https:\/\/dev.smk.agency\/corales\/wp-content\/uploads\/2024\/09\/IMG_4829.png 600w, https:\/\/dev.smk.agency\/corales\/wp-content\/uploads\/2024\/09\/IMG_4829-300x300.png 300w, https:\/\/dev.smk.agency\/corales\/wp-content\/uploads\/2024\/09\/IMG_4829-150x150.png 150w\" sizes=\"(max-width: 600px) 100vw, 600px\" \/><\/figure><div class=\"elementor-image-box-content\"><h3 class=\"elementor-image-box-title\">Mar\u00eda Jos\u00e9 Ospina Restrepo<\/h3><p class=\"elementor-image-box-description\">Ingeniera, con gran pasi\u00f3n por el buceo y la fotograf\u00eda, fundadora de Agenda del Mar en 1991, con la misi\u00f3n de conectar a las personas con el oc\u00e9ano y su conservaci\u00f3n. Durante m\u00e1s de 30 a\u00f1os ha liderado proyectos de educaci\u00f3n ambiental a trav\u00e9s de juegos, publicaciones y eventos. Es editora del \u00e1lbum de Chocolates Jet por m\u00e1s de 25 a\u00f1os. Ha recibido distinciones como Joven Sobresaliente de Antioquia y la orden al m\u00e9rito Juan del Corral, grado plata, por su trabajo en conservaci\u00f3n marina.<\/p><\/div><\/div>\t\t<\/div>\n\t\t\t\t<\/div>\n\t\t\t\t<\/div>\n\t\t\t\t<\/div>\n\t\t<div class=\"elementor-element elementor-element-101027d e-con-full e-flex e-con e-child\" data-id=\"101027d\" data-element_type=\"container\">\n\t\t<div class=\"elementor-element elementor-element-913e120 e-con-full e-flex e-con e-child\" data-id=\"913e120\" data-element_type=\"container\">\n\t\t\t\t<div class=\"elementor-element elementor-element-e414ef0 elementor-position-top elementor-widget elementor-widget-image-box\" data-id=\"e414ef0\" data-element_type=\"widget\" data-widget_type=\"image-box.default\">\n\t\t\t\t<div class=\"elementor-widget-container\">\n\t\t\t<div class=\"elementor-image-box-wrapper\"><figure class=\"elementor-image-box-img\"><img loading=\"lazy\" decoding=\"async\" width=\"600\" height=\"600\" src=\"https:\/\/dev.smk.agency\/corales\/wp-content\/uploads\/2024\/10\/Valeria-P.jpg\" class=\"attachment-full size-full wp-image-1777\" alt=\"\" srcset=\"https:\/\/dev.smk.agency\/corales\/wp-content\/uploads\/2024\/10\/Valeria-P.jpg 600w, https:\/\/dev.smk.agency\/corales\/wp-content\/uploads\/2024\/10\/Valeria-P-300x300.jpg 300w, https:\/\/dev.smk.agency\/corales\/wp-content\/uploads\/2024\/10\/Valeria-P-150x150.jpg 150w\" sizes=\"(max-width: 600px) 100vw, 600px\" \/><\/figure><div class=\"elementor-image-box-content\"><h3 class=\"elementor-image-box-title\">Valeria Pizarro (PhD)<\/h3><p class=\"elementor-image-box-description\">Bi\u00f3loga y directora del programa de corales y arrecifes del Perry Institute for Marine Science. Tiene un doctorado de la Universidad de Newcastle, Reino Unido sobre la conectividad de los corales del Caribe. Con m\u00e1s de 20 a\u00f1os de experiencia, ha liderado proyectos de investigaci\u00f3n en reproducci\u00f3n y restauraci\u00f3n de corales en Las Bahamas y Colombia. Se ha enfocado en la reproducci\u00f3n sexual, din\u00e1mica poblacional, conectividad y restauraci\u00f3n de corales en el Caribe Occidental, incluyendo su participaci\u00f3n en el dise\u00f1o del Sistema de \u00c1reas Marinas Protegidas Seaflower.<\/p><\/div><\/div>\t\t<\/div>\n\t\t\t\t<\/div>\n\t\t\t\t<\/div>\n\t\t<div class=\"elementor-element elementor-element-315e4a8 e-con-full e-flex e-con e-child\" data-id=\"315e4a8\" data-element_type=\"container\">\n\t\t\t\t<div class=\"elementor-element elementor-element-48642b3 elementor-position-top elementor-widget elementor-widget-image-box\" data-id=\"48642b3\" data-element_type=\"widget\" data-widget_type=\"image-box.default\">\n\t\t\t\t<div class=\"elementor-widget-container\">\n\t\t\t<div class=\"elementor-image-box-wrapper\"><figure class=\"elementor-image-box-img\"><img loading=\"lazy\" decoding=\"async\" width=\"600\" height=\"600\" src=\"https:\/\/dev.smk.agency\/corales\/wp-content\/uploads\/2024\/09\/jorge-herrera.png\" class=\"attachment-full size-full wp-image-1654\" alt=\"\" srcset=\"https:\/\/dev.smk.agency\/corales\/wp-content\/uploads\/2024\/09\/jorge-herrera.png 600w, https:\/\/dev.smk.agency\/corales\/wp-content\/uploads\/2024\/09\/jorge-herrera-300x300.png 300w, https:\/\/dev.smk.agency\/corales\/wp-content\/uploads\/2024\/09\/jorge-herrera-150x150.png 150w\" sizes=\"(max-width: 600px) 100vw, 600px\" \/><\/figure><div class=\"elementor-image-box-content\"><h3 class=\"elementor-image-box-title\">Jorge Herrera Mu\u00f1oz<\/h3><p class=\"elementor-image-box-description\">Bi\u00f3logo marino de la Universidad Jorge Tadeo Lozano e instructor de buceo, con casi 30 a\u00f1os de experiencia en educaci\u00f3n y conservaci\u00f3n marina. Ha dedicado su carrera a generar conciencia sobre la protecci\u00f3n de los oc\u00e9anos a trav\u00e9s del buceo. En los \u00faltimos cuatro a\u00f1os, se ha enfocado en la restauraci\u00f3n de arrecifes de coral mediante reproducci\u00f3n sexual. Actualmente, escribe para Agenda del Mar y lidera el programa de restauraci\u00f3n coralina de CoralTheca en el Parque Nacional Natural Corales del Rosario y San Bernardo.<\/p><\/div><\/div>\t\t<\/div>\n\t\t\t\t<\/div>\n\t\t\t\t<\/div>\n\t\t<div class=\"elementor-element elementor-element-7b9c3e0 e-con-full e-flex e-con e-child\" data-id=\"7b9c3e0\" data-element_type=\"container\">\n\t\t\t\t<div class=\"elementor-element elementor-element-93b0fb4 elementor-position-top elementor-widget elementor-widget-image-box\" data-id=\"93b0fb4\" data-element_type=\"widget\" data-widget_type=\"image-box.default\">\n\t\t\t\t<div class=\"elementor-widget-container\">\n\t\t\t<div class=\"elementor-image-box-wrapper\"><figure class=\"elementor-image-box-img\"><img loading=\"lazy\" decoding=\"async\" width=\"600\" height=\"600\" src=\"https:\/\/dev.smk.agency\/corales\/wp-content\/uploads\/2024\/09\/jack-farine.png\" class=\"attachment-full size-full wp-image-1655\" alt=\"\" srcset=\"https:\/\/dev.smk.agency\/corales\/wp-content\/uploads\/2024\/09\/jack-farine.png 600w, https:\/\/dev.smk.agency\/corales\/wp-content\/uploads\/2024\/09\/jack-farine-300x300.png 300w, https:\/\/dev.smk.agency\/corales\/wp-content\/uploads\/2024\/09\/jack-farine-150x150.png 150w\" sizes=\"(max-width: 600px) 100vw, 600px\" \/><\/figure><div class=\"elementor-image-box-content\"><h3 class=\"elementor-image-box-title\">Jack Farine<\/h3><p class=\"elementor-image-box-description\">Gerente y productor de Pavoreal Films. Con maestria en ecolog\u00eda pol\u00edtica de la universidad de York, en Canad\u00e1, dedica gran parte de su tiempo a proyectos de conservaci\u00f3n y a la realizaci\u00f3n de documentales de naturaleza. Durante los \u00faltimos dos a\u00f1os, ha trabajado en un documental para visibilizar el proyecto CoralTheca, \u201cCoraltheca: Un legado de Elvira a los Corales del Caribe Colombiano\u201d. Productor General y Ejecutivo de proyectos como Expedici\u00f3n Tribug\u00e1 (ganador de mejor documental en la categor\u00eda de nuevas voces del cine latinoamericano de NatGeo).<\/p><\/div><\/div>\t\t<\/div>\n\t\t\t\t<\/div>\n\t\t\t\t<\/div>\n\t\t\t\t<\/div>\n\t\t<div class=\"elementor-element elementor-element-c11bd78 e-con-full e-flex e-con e-child\" data-id=\"c11bd78\" data-element_type=\"container\">\n\t\t<div class=\"elementor-element elementor-element-4069292 e-con-full e-flex e-con e-child\" data-id=\"4069292\" data-element_type=\"container\">\n\t\t\t\t<div class=\"elementor-element elementor-element-da4ef43 elementor-position-top elementor-widget elementor-widget-image-box\" data-id=\"da4ef43\" data-element_type=\"widget\" data-widget_type=\"image-box.default\">\n\t\t\t\t<div class=\"elementor-widget-container\">\n\t\t\t<div class=\"elementor-image-box-wrapper\"><figure class=\"elementor-image-box-img\"><img loading=\"lazy\" decoding=\"async\" width=\"600\" height=\"600\" src=\"https:\/\/dev.smk.agency\/corales\/wp-content\/uploads\/2024\/09\/jose-soto.png\" class=\"attachment-full size-full wp-image-1656\" alt=\"\" srcset=\"https:\/\/dev.smk.agency\/corales\/wp-content\/uploads\/2024\/09\/jose-soto.png 600w, https:\/\/dev.smk.agency\/corales\/wp-content\/uploads\/2024\/09\/jose-soto-300x300.png 300w, https:\/\/dev.smk.agency\/corales\/wp-content\/uploads\/2024\/09\/jose-soto-150x150.png 150w\" sizes=\"(max-width: 600px) 100vw, 600px\" \/><\/figure><div class=\"elementor-image-box-content\"><h3 class=\"elementor-image-box-title\">Jos\u00e9 Soto<\/h3><p class=\"elementor-image-box-description\">Administrador de negocios con especializaci\u00f3n en mercadeo y maestr\u00eda en marketing digital y comercio electr\u00f3nico. L\u00edder de DivingLife.co, instructor de buceo, fot\u00f3grafo submarino y generador de contenido digital de naturaleza. Una de sus grandes pasiones es la ciencia ciudadana como una forma de conectar a las personas y en especial a los buzos con la conservaci\u00f3n.<\/p><\/div><\/div>\t\t<\/div>\n\t\t\t\t<\/div>\n\t\t\t\t<\/div>\n\t\t<div class=\"elementor-element elementor-element-a1be119 e-con-full e-flex e-con e-child\" data-id=\"a1be119\" data-element_type=\"container\">\n\t\t\t\t<div class=\"elementor-element elementor-element-b4a8c8e elementor-position-top elementor-widget elementor-widget-image-box\" data-id=\"b4a8c8e\" data-element_type=\"widget\" data-widget_type=\"image-box.default\">\n\t\t\t\t<div class=\"elementor-widget-container\">\n\t\t\t<div class=\"elementor-image-box-wrapper\"><figure class=\"elementor-image-box-img\"><img loading=\"lazy\" decoding=\"async\" width=\"600\" height=\"600\" src=\"https:\/\/dev.smk.agency\/corales\/wp-content\/uploads\/2024\/09\/andres-obregon.png\" class=\"attachment-full size-full wp-image-1657\" alt=\"\" srcset=\"https:\/\/dev.smk.agency\/corales\/wp-content\/uploads\/2024\/09\/andres-obregon.png 600w, https:\/\/dev.smk.agency\/corales\/wp-content\/uploads\/2024\/09\/andres-obregon-300x300.png 300w, https:\/\/dev.smk.agency\/corales\/wp-content\/uploads\/2024\/09\/andres-obregon-150x150.png 150w\" sizes=\"(max-width: 600px) 100vw, 600px\" \/><\/figure><div class=\"elementor-image-box-content\"><h3 class=\"elementor-image-box-title\">Andr\u00e9s Obreg\u00f3n<\/h3><p class=\"elementor-image-box-description\">Publicista de profesi\u00f3n, dej\u00f3 su carrera para seguir su verdadera pasi\u00f3n: el mar y sus misterios. Actualmente se dedica a su protecci\u00f3n y restauraci\u00f3n a trav\u00e9s de experiencias inmersivas como cursos de buceo, fotograf\u00eda subacu\u00e1tica y programas de buceo adaptado para personas con discapacidad. Tambi\u00e9n promueve el mindful diving, ayudando a otros a conectarse profundamente con el oc\u00e9ano y sus maravillas.<\/p><\/div><\/div>\t\t<\/div>\n\t\t\t\t<\/div>\n\t\t\t\t<\/div>\n\t\t<div class=\"elementor-element elementor-element-888b9d5 e-con-full e-flex e-con e-child\" data-id=\"888b9d5\" data-element_type=\"container\">\n\t\t\t\t<div class=\"elementor-element elementor-element-e5e4d6a elementor-hidden-desktop elementor-hidden-tablet elementor-hidden-mobile elementor-position-top elementor-widget elementor-widget-image-box\" data-id=\"e5e4d6a\" data-element_type=\"widget\" data-widget_type=\"image-box.default\">\n\t\t\t\t<div class=\"elementor-widget-container\">\n\t\t\t<div class=\"elementor-image-box-wrapper\"><figure class=\"elementor-image-box-img\"><img loading=\"lazy\" decoding=\"async\" width=\"600\" height=\"600\" src=\"https:\/\/dev.smk.agency\/corales\/wp-content\/uploads\/2024\/09\/andres-obregon.png\" class=\"attachment-full size-full wp-image-1657\" alt=\"\" srcset=\"https:\/\/dev.smk.agency\/corales\/wp-content\/uploads\/2024\/09\/andres-obregon.png 600w, https:\/\/dev.smk.agency\/corales\/wp-content\/uploads\/2024\/09\/andres-obregon-300x300.png 300w, https:\/\/dev.smk.agency\/corales\/wp-content\/uploads\/2024\/09\/andres-obregon-150x150.png 150w\" sizes=\"(max-width: 600px) 100vw, 600px\" \/><\/figure><div class=\"elementor-image-box-content\"><h3 class=\"elementor-image-box-title\">Andr\u00e9s Obreg\u00f3n<\/h3><p class=\"elementor-image-box-description\">Publicista de profesi\u00f3n, dej\u00f3 su carrera para seguir su verdadera pasi\u00f3n: el mar y sus misterios. Actualmente se dedica a su protecci\u00f3n y restauraci\u00f3n a trav\u00e9s de experiencias inmersivas como cursos de buceo, fotograf\u00eda subacu\u00e1tica y programas de buceo adaptado para personas con discapacidad. Tambi\u00e9n promueve el mindful diving, ayudando a otros a conectarse profundamente con el oc\u00e9ano y sus maravillas.<\/p><\/div><\/div>\t\t<\/div>\n\t\t\t\t<\/div>\n\t\t\t\t<\/div>\n\t\t\t\t<\/div>\n\t\t\t\t\t<\/div>\n\t\t\t\t<\/div>\n\t\t\t\t<\/div>\n\t\t","protected":false},"excerpt":{"rendered":"<p>\u00bfQui\u00e9nes somos? Somos un grupo de empresas, organizaciones, cient\u00edficos y amantes del oc\u00e9ano comprometidos con la protecci\u00f3n de los arrecifes de coral. Durante m\u00e1s de tres d\u00e9cadas, hemos trabajado en la conservaci\u00f3n de los oc\u00e9anos y, en los \u00faltimos a\u00f1os, nos hemos enfocado en la preservaci\u00f3n de los arrecifes, que enfrentan una grave amenaza de [&hellip;]<\/p>\n","protected":false},"author":1,"featured_media":0,"parent":0,"menu_order":0,"comment_status":"closed","ping_status":"closed","template":"elementor_header_footer","meta":{"footnotes":""},"class_list":["post-637","page","type-page","status-publish","hentry"],"_links":{"self":[{"href":"https:\/\/dev.smk.agency\/corales\/wp-json\/wp\/v2\/pages\/637","targetHints":{"allow":["GET"]}}],"collection":[{"href":"https:\/\/dev.smk.agency\/corales\/wp-json\/wp\/v2\/pages"}],"about":[{"href":"https:\/\/dev.smk.agency\/corales\/wp-json\/wp\/v2\/types\/page"}],"author":[{"embeddable":true,"href":"https:\/\/dev.smk.agency\/corales\/wp-json\/wp\/v2\/users\/1"}],"replies":[{"embeddable":true,"href":"https:\/\/dev.smk.agency\/corales\/wp-json\/wp\/v2\/comments?post=637"}],"version-history":[{"count":164,"href":"https:\/\/dev.smk.agency\/corales\/wp-json\/wp\/v2\/pages\/637\/revisions"}],"predecessor-version":[{"id":1826,"href":"https:\/\/dev.smk.agency\/corales\/wp-json\/wp\/v2\/pages\/637\/revisions\/1826"}],"wp:attachment":[{"href":"https:\/\/dev.smk.agency\/corales\/wp-json\/wp\/v2\/media?parent=637"}],"curies":[{"name":"wp","href":"https:\/\/api.w.org\/{rel}","templated":true}]}}